{"id":233,"date":"2024-03-15T12:20:32","date_gmt":"2024-03-15T17:20:32","guid":{"rendered":"https:\/\/gimnasiolosalcazares.edu.co\/?page_id=233"},"modified":"2024-03-15T12:27:47","modified_gmt":"2024-03-15T17:27:47","slug":"educacion-inicial","status":"publish","type":"page","link":"https:\/\/gimnasiolosalcazares.edu.co\/?page_id=233","title":{"rendered":"Educaci\u00f3n inicial"},"content":{"rendered":"<p>[et_pb_section fb_built=&#8221;1&#8243; _builder_version=&#8221;4.24.2&#8243; _module_preset=&#8221;default&#8221; custom_padding=&#8221;21px|||||&#8221; global_colors_info=&#8221;{}&#8221; theme_builder_area=&#8221;post_content&#8221;][et_pb_row _builder_version=&#8221;4.24.2&#8243; _module_preset=&#8221;default&#8221; global_colors_info=&#8221;{}&#8221; theme_builder_area=&#8221;post_content&#8221;][et_pb_column type=&#8221;4_4&#8243; _builder_version=&#8221;4.24.2&#8243; _module_preset=&#8221;default&#8221; global_colors_info=&#8221;{}&#8221; theme_builder_area=&#8221;post_content&#8221;][et_pb_text _builder_version=&#8221;4.24.2&#8243; _module_preset=&#8221;default&#8221; header_3_font=&#8221;Josefin Slab||||||||&#8221; header_3_text_align=&#8221;center&#8221; header_3_font_size=&#8221;26px&#8221; custom_margin=&#8221;||0px||false|false&#8221; custom_padding=&#8221;||0px||false|false&#8221; hover_enabled=&#8221;0&#8243; global_colors_info=&#8221;{}&#8221; theme_builder_area=&#8221;post_content&#8221; sticky_enabled=&#8221;0&#8243;]<\/p>\n<h3>Educaci\u00f3n inicial<\/p>\n<\/h3>\n<p>[\/et_pb_text][et_pb_divider color=&#8221;#474747&#8243; divider_style=&#8221;dashed&#8221; divider_position=&#8221;center&#8221; divider_weight=&#8221;1px&#8221; _builder_version=&#8221;4.24.2&#8243; _module_preset=&#8221;default&#8221; width=&#8221;300px&#8221; module_alignment=&#8221;center&#8221; custom_margin=&#8221;0px||||false|false&#8221; custom_padding=&#8221;0px||||false|false&#8221; global_colors_info=&#8221;{}&#8221; theme_builder_area=&#8221;post_content&#8221;][\/et_pb_divider][et_pb_text _builder_version=&#8221;4.24.2&#8243; _module_preset=&#8221;default&#8221; text_font=&#8221;Open Sans||||||||&#8221; text_orientation=&#8221;justified&#8221; width=&#8221;70%&#8221; module_alignment=&#8221;center&#8221; hover_enabled=&#8221;0&#8243; global_colors_info=&#8221;{}&#8221; theme_builder_area=&#8221;post_content&#8221; sticky_enabled=&#8221;0&#8243;]<\/p>\n<p><strong>Desde los 4 meses hasta los 2 a\u00f1os de edad:<\/strong><\/p>\n<p>La primera infancia es la etapa m\u00e1s importante de la vida de los ni\u00f1os, es en la que se hacen m\u00e1s conexiones cerebrales, en la que se potencian las capacidades de los ni\u00f1os, se apropian del lenguaje, entienden la cultura de su comunidad, descubren las posibilidades de su mente y su cuerpo, construyen su identidad y adquieren habilidades para convivir con otros.<\/p>\n<p>En nuestra instituci\u00f3n, la educaci\u00f3n inicial, es un factor fundamental, ya que, en esta etapa, los ni\u00f1os inician sus procesos de formaci\u00f3n integral, socializaci\u00f3n y desarrollo acad\u00e9mico.<\/p>\n<p>[\/et_pb_text][\/et_pb_column][\/et_pb_row][\/et_pb_section][et_pb_section fb_built=&#8221;1&#8243; prev_background_color=&#8221;#ffffff&#8221; next_background_color=&#8221;#ffffff&#8221; _builder_version=&#8221;4.24.2&#8243; _module_preset=&#8221;default&#8221; background_color=&#8221;rgba(0,157,255,0.2)&#8221; background_enable_pattern_style=&#8221;on&#8221; background_pattern_style=&#8221;confetti&#8221; background_pattern_color=&#8221;rgba(255,255,255,0.31)&#8221; top_divider_style=&#8221;clouds&#8221; bottom_divider_style=&#8221;clouds2&#8243; global_colors_info=&#8221;{}&#8221; theme_builder_area=&#8221;post_content&#8221;][et_pb_row column_structure=&#8221;2_5,3_5&#8243; use_custom_gutter=&#8221;on&#8221; gutter_width=&#8221;2&#8243; make_equal=&#8221;on&#8221; _builder_version=&#8221;4.24.2&#8243; _module_preset=&#8221;default&#8221; max_width=&#8221;821px&#8221; max_width_tablet=&#8221;821px&#8221; max_width_phone=&#8221;821px&#8221; max_width_last_edited=&#8221;on|desktop&#8221; global_colors_info=&#8221;{}&#8221; theme_builder_area=&#8221;post_content&#8221;][et_pb_column type=&#8221;2_5&#8243; _builder_version=&#8221;4.24.2&#8243; _module_preset=&#8221;default&#8221; global_colors_info=&#8221;{}&#8221; theme_builder_area=&#8221;post_content&#8221;][et_pb_image src=&#8221;https:\/\/gimnasiolosalcazares.edu.co\/wp-content\/uploads\/2024\/03\/SHOOOTING-GLA-50.jpg&#8221; title_text=&#8221;SHOOOTING GLA-50&#8243; align=&#8221;center&#8221; _builder_version=&#8221;4.24.2&#8243; _module_preset=&#8221;default&#8221; hover_enabled=&#8221;0&#8243; border_radii=&#8221;on|13px|13px|13px|13px&#8221; box_shadow_style=&#8221;preset3&#8243; global_colors_info=&#8221;{}&#8221; theme_builder_area=&#8221;post_content&#8221; sticky_enabled=&#8221;0&#8243;][\/et_pb_image][\/et_pb_column][et_pb_column type=&#8221;3_5&#8243; _builder_version=&#8221;4.24.2&#8243; _module_preset=&#8221;default&#8221; global_colors_info=&#8221;{}&#8221; theme_builder_area=&#8221;post_content&#8221;][et_pb_text _builder_version=&#8221;4.24.2&#8243; _module_preset=&#8221;default&#8221; header_3_font=&#8221;Josefin Slab||||||||&#8221; header_3_text_align=&#8221;center&#8221; header_3_font_size=&#8221;26px&#8221; custom_margin=&#8221;||0px||false|false&#8221; custom_padding=&#8221;||0px||false|false&#8221; hover_enabled=&#8221;0&#8243; global_colors_info=&#8221;{}&#8221; theme_builder_area=&#8221;post_content&#8221; sticky_enabled=&#8221;0&#8243;]<\/p>\n<h3>En esta maravillosa etapa, nuestra instituci\u00f3n educativa busca estimular:<br \/>\n<\/h3>\n<p>[\/et_pb_text][et_pb_divider color=&#8221;#474747&#8243; divider_style=&#8221;dashed&#8221; divider_position=&#8221;center&#8221; divider_weight=&#8221;1px&#8221; _builder_version=&#8221;4.24.2&#8243; _module_preset=&#8221;default&#8221; width=&#8221;300px&#8221; module_alignment=&#8221;center&#8221; custom_margin=&#8221;0px||||false|false&#8221; custom_padding=&#8221;0px||||false|false&#8221; global_colors_info=&#8221;{}&#8221; theme_builder_area=&#8221;post_content&#8221;][\/et_pb_divider][et_pb_text _builder_version=&#8221;4.24.2&#8243; _module_preset=&#8221;default&#8221; text_font=&#8221;Open Sans||||||||&#8221; text_orientation=&#8221;justified&#8221; width=&#8221;70%&#8221; module_alignment=&#8221;center&#8221; hover_enabled=&#8221;0&#8243; global_colors_info=&#8221;{}&#8221; theme_builder_area=&#8221;post_content&#8221; sticky_enabled=&#8221;0&#8243;]El desarrollo sensorio motor de los educandos, a trav\u00e9s de los sentidos.<\/p>\n<p>Fortalecer a trav\u00e9s del juego y la l\u00fadica, la atenci\u00f3n creatividad e imaginaci\u00f3n.<\/p>\n<p> Establecer h\u00e1bitos y rutinas propias de cada etapa del desarrollo a trav\u00e9s de la m\u00fasica y expresi\u00f3n corporal.<\/p>\n<p>Incentivar su imaginaci\u00f3n y creatividad a trav\u00e9s de la lectura de im\u00e1genes e imitaciones de sonidos (onomatopeyas).<\/p>\n<p>Iniciar el proceso y madurar su control de esf\u00ednteres.<\/p>\n<p>Estimular los procesos comunicativos para fortalecer el vocabulario y habilidades de expresi\u00f3n.[\/et_pb_text][\/et_pb_column][\/et_pb_row][\/et_pb_section][et_pb_section fb_built=&#8221;1&#8243; _builder_version=&#8221;4.24.2&#8243; _module_preset=&#8221;default&#8221; global_colors_info=&#8221;{}&#8221; theme_builder_area=&#8221;post_content&#8221;][et_pb_row column_structure=&#8221;1_3,1_3,1_3&#8243; _builder_version=&#8221;4.24.2&#8243; _module_preset=&#8221;default&#8221; global_colors_info=&#8221;{}&#8221; theme_builder_area=&#8221;post_content&#8221;][et_pb_column type=&#8221;1_3&#8243; _builder_version=&#8221;4.24.2&#8243; _module_preset=&#8221;default&#8221; global_colors_info=&#8221;{}&#8221; theme_builder_area=&#8221;post_content&#8221;][et_pb_image src=&#8221;https:\/\/gimnasiolosalcazares.edu.co\/wp-content\/uploads\/2024\/03\/MG_2121_edited.jpg&#8221; title_text=&#8221;Gimnasio los alc\u00e1zares Villavicencio colegio privado&#8221; _builder_version=&#8221;4.24.2&#8243; _module_preset=&#8221;default&#8221; hover_enabled=&#8221;0&#8243; border_radii=&#8221;on|13px|13px|13px|13px&#8221; global_colors_info=&#8221;{}&#8221; theme_builder_area=&#8221;post_content&#8221; sticky_enabled=&#8221;0&#8243;][\/et_pb_image][\/et_pb_column][et_pb_column type=&#8221;1_3&#8243; _builder_version=&#8221;4.24.2&#8243; _module_preset=&#8221;default&#8221; global_colors_info=&#8221;{}&#8221; theme_builder_area=&#8221;post_content&#8221;][et_pb_image src=&#8221;https:\/\/gimnasiolosalcazares.edu.co\/wp-content\/uploads\/2024\/03\/SHOOOTING-GLA-7-1.jpg&#8221; title_text=&#8221;SHOOOTING GLA-7 (1)&#8221; _builder_version=&#8221;4.24.2&#8243; _module_preset=&#8221;default&#8221; hover_enabled=&#8221;0&#8243; border_radii=&#8221;on|13px|13px|13px|13px&#8221; global_colors_info=&#8221;{}&#8221; theme_builder_area=&#8221;post_content&#8221; sticky_enabled=&#8221;0&#8243;][\/et_pb_image][\/et_pb_column][et_pb_column type=&#8221;1_3&#8243; _builder_version=&#8221;4.24.2&#8243; _module_preset=&#8221;default&#8221; global_colors_info=&#8221;{}&#8221; theme_builder_area=&#8221;post_content&#8221;][et_pb_image src=&#8221;https:\/\/gimnasiolosalcazares.edu.co\/wp-content\/uploads\/2024\/03\/57116422_2289398991331817_5386374316193480704_n.jpg&#8221; title_text=&#8221;57116422_2289398991331817_5386374316193480704_n&#8221; _builder_version=&#8221;4.24.2&#8243; _module_preset=&#8221;default&#8221; hover_enabled=&#8221;0&#8243; border_radii=&#8221;on|13px|13px|13px|13px&#8221; global_colors_info=&#8221;{}&#8221; theme_builder_area=&#8221;post_content&#8221; sticky_enabled=&#8221;0&#8243;][\/et_pb_image][\/et_pb_column][\/et_pb_row][\/et_pb_section]<\/p>\n","protected":false},"excerpt":{"rendered":"<p>Educaci\u00f3n inicial Desde los 4 meses hasta los 2 a\u00f1os de edad: La primera infancia es la etapa m\u00e1s importante de la vida de los ni\u00f1os, es en la que se hacen m\u00e1s conexiones cerebrales, en la que se potencian las capacidades de los ni\u00f1os, se apropian del lenguaje, entienden la cultura de su comunidad, [&hellip;]<\/p>\n","protected":false},"author":1,"featured_media":0,"parent":0,"menu_order":0,"comment_status":"closed","ping_status":"closed","template":"","meta":{"_et_pb_use_builder":"on","_et_pb_old_content":"","_et_gb_content_width":"","footnotes":""},"difl_page_category":[],"_links":{"self":[{"href":"https:\/\/gimnasiolosalcazares.edu.co\/index.php?rest_route=\/wp\/v2\/pages\/233"}],"collection":[{"href":"https:\/\/gimnasiolosalcazares.edu.co\/index.php?rest_route=\/wp\/v2\/pages"}],"about":[{"href":"https:\/\/gimnasiolosalcazares.edu.co\/index.php?rest_route=\/wp\/v2\/types\/page"}],"author":[{"embeddable":true,"href":"https:\/\/gimnasiolosalcazares.edu.co\/index.php?rest_route=\/wp\/v2\/users\/1"}],"replies":[{"embeddable":true,"href":"https:\/\/gimnasiolosalcazares.edu.co\/index.php?rest_route=%2Fwp%2Fv2%2Fcomments&post=233"}],"version-history":[{"count":6,"href":"https:\/\/gimnasiolosalcazares.edu.co\/index.php?rest_route=\/wp\/v2\/pages\/233\/revisions"}],"predecessor-version":[{"id":244,"href":"https:\/\/gimnasiolosalcazares.edu.co\/index.php?rest_route=\/wp\/v2\/pages\/233\/revisions\/244"}],"wp:attachment":[{"href":"https:\/\/gimnasiolosalcazares.edu.co\/index.php?rest_route=%2Fwp%2Fv2%2Fmedia&parent=233"}],"wp:term":[{"taxonomy":"difl_page_category","embeddable":true,"href":"https:\/\/gimnasiolosalcazares.edu.co\/index.php?rest_route=%2Fwp%2Fv2%2Fdifl_page_category&post=233"}],"curies":[{"name":"wp","href":"https:\/\/api.w.org\/{rel}","templated":true}]}}